{"id":3363,"date":"2020-10-01T12:24:29","date_gmt":"2020-10-01T10:24:29","guid":{"rendered":"https:\/\/www.iberosa.com\/productos_rumbo\/protege-matelas-en-jersey-simple-tencel\/"},"modified":"2025-11-05T09:51:40","modified_gmt":"2025-11-05T08:51:40","slug":"protege-matelas-en-jersey-simple-tencel","status":"publish","type":"productos_rumbo","link":"https:\/\/www.iberosa.com\/fr\/productos_rumbo\/protege-matelas-en-jersey-simple-tencel\/","title":{"rendered":"Prot\u00e8ge matelas en jersey simple Tencel\/PU"},"content":{"rendered":"&#13;\n<p>Prot\u00e8ge matelas fabriqu\u00e9 en tissu tencel, doux au toucher et agr\u00e9able. Il est imperm\u00e9able, respirant, et thermor\u00e9gulateur. Ses propri\u00e9t\u00e9s de thermor\u00e9gulation garantissent le bien-\u00eatre au repos, ce qui en fait un produit 2 en 1, drap housse et prot\u00e8ge matelas imperm\u00e9able en m\u00eame temps. Cette double fonctionnalit\u00e9 et les propri\u00e9t\u00e9s mentionn\u00e9es ci dessus, en font le meilleur produit imperm\u00e9able con\u00e7u pour le repos.<\/p>&#13;\n&#13;\n<h3 class=\"wp-block-heading\">C\u2019est quoi le tencel ?<\/h3>&#13;\n&#13;\n<p>Le tencel est une fibre naturel fabriqu\u00e9 \u00e0 partir de la pulpe du bois d\u2019arbres issus de l\u2019agriculture raisonn\u00e9e. \u00c0 cause de son toucher et son faible poids c\u2019est le mat\u00e9riel qui donne la tenue parfaite pour la fabrication de pi\u00e8ces de literie.<\/p>&#13;\n&#13;\n<p>Les textiles en fibre Tencel sont \u00e9cologiques, antistatiques, l\u00e9gers, plus absorbant que le coton, thermor\u00e9gulateur, plus souple que la soie, mieux que le lin. <\/p>&#13;\n","protected":false},"excerpt":{"rendered":"<p>Prot\u00e8ge matelas fabriqu\u00e9 en tissu tencel, doux au toucher et agr\u00e9able. <\/p>\n","protected":false},"featured_media":3364,"parent":0,"menu_order":200,"template":"","meta":{"_acf_changed":false},"categoria_producto":[180],"class_list":["post-3363","productos_rumbo","type-productos_rumbo","status-publish","has-post-thumbnail","hentry","categoria_producto-protege-matelas"],"acf":[],"yoast_head":"<!-- This site is optimized with the Yoast SEO plugin v27.3 - https:\/\/yoast.com\/product\/yoast-seo-wordpress\/ -->\n<title>Prot\u00e8ge matelas en jersey simple Tencel\/PU - Iberosa - Iberoamericana de hilados y tejidos, SA<\/title>\n<meta name=\"robots\" content=\"index, follow, max-snippet:-1, max-image-preview:large, max-video-preview:-1\" \/>\n<link rel=\"canonical\" href=\"https:\/\/www.iberosa.com\/fr\/productos_rumbo\/protege-matelas-en-jersey-simple-tencel\/\" \/>\n<meta property=\"og:locale\" content=\"fr_FR\" \/>\n<meta property=\"og:type\" content=\"article\" \/>\n<meta property=\"og:title\" content=\"Prot\u00e8ge matelas en jersey simple Tencel\/PU - Iberosa - Iberoamericana de hilados y tejidos, SA\" \/>\n<meta property=\"og:description\" content=\"Prot\u00e8ge matelas fabriqu\u00e9 en tissu tencel, doux au toucher et agr\u00e9able.\" \/>\n<meta property=\"og:url\" content=\"https:\/\/www.iberosa.com\/fr\/productos_rumbo\/protege-matelas-en-jersey-simple-tencel\/\" \/>\n<meta property=\"og:site_name\" content=\"Iberosa - Iberoamericana de hilados y tejidos, SA\" \/>\n<meta property=\"article:publisher\" content=\"https:\/\/www.facebook.com\/iberosatextiles\" \/>\n<meta property=\"article:modified_time\" content=\"2025-11-05T08:51:40+00:00\" \/>\n<meta property=\"og:image\" content=\"https:\/\/www.iberosa.com\/wp-content\/uploads\/2020\/03\/protector-de-colchon-tencel.jpg\" \/>\n\t<meta property=\"og:image:width\" content=\"900\" \/>\n\t<meta property=\"og:image:height\" content=\"900\" \/>\n\t<meta property=\"og:image:type\" content=\"image\/jpeg\" \/>\n<meta name=\"twitter:card\" content=\"summary_large_image\" \/>\n<meta name=\"twitter:site\" content=\"@IberosaTextiles\" \/>\n<script type=\"application\/ld+json\" class=\"yoast-schema-graph\">{\"@context\":\"https:\\\/\\\/schema.org\",\"@graph\":[{\"@type\":\"WebPage\",\"@id\":\"https:\\\/\\\/www.iberosa.com\\\/fr\\\/productos_rumbo\\\/protege-matelas-en-jersey-simple-tencel\\\/\",\"url\":\"https:\\\/\\\/www.iberosa.com\\\/fr\\\/productos_rumbo\\\/protege-matelas-en-jersey-simple-tencel\\\/\",\"name\":\"Prot\u00e8ge matelas en jersey simple Tencel\\\/PU - Iberosa - Iberoamericana de hilados y tejidos, SA\",\"isPartOf\":{\"@id\":\"https:\\\/\\\/www.iberosa.com\\\/fr\\\/#website\"},\"primaryImageOfPage\":{\"@id\":\"https:\\\/\\\/www.iberosa.com\\\/fr\\\/productos_rumbo\\\/protege-matelas-en-jersey-simple-tencel\\\/#primaryimage\"},\"image\":{\"@id\":\"https:\\\/\\\/www.iberosa.com\\\/fr\\\/productos_rumbo\\\/protege-matelas-en-jersey-simple-tencel\\\/#primaryimage\"},\"thumbnailUrl\":\"https:\\\/\\\/www.iberosa.com\\\/wp-content\\\/uploads\\\/2020\\\/03\\\/protector-de-colchon-tencel.jpg\",\"datePublished\":\"2020-10-01T10:24:29+00:00\",\"dateModified\":\"2025-11-05T08:51:40+00:00\",\"breadcrumb\":{\"@id\":\"https:\\\/\\\/www.iberosa.com\\\/fr\\\/productos_rumbo\\\/protege-matelas-en-jersey-simple-tencel\\\/#breadcrumb\"},\"inLanguage\":\"fr-FR\",\"potentialAction\":[{\"@type\":\"ReadAction\",\"target\":[\"https:\\\/\\\/www.iberosa.com\\\/fr\\\/productos_rumbo\\\/protege-matelas-en-jersey-simple-tencel\\\/\"]}]},{\"@type\":\"ImageObject\",\"inLanguage\":\"fr-FR\",\"@id\":\"https:\\\/\\\/www.iberosa.com\\\/fr\\\/productos_rumbo\\\/protege-matelas-en-jersey-simple-tencel\\\/#primaryimage\",\"url\":\"https:\\\/\\\/www.iberosa.com\\\/wp-content\\\/uploads\\\/2020\\\/03\\\/protector-de-colchon-tencel.jpg\",\"contentUrl\":\"https:\\\/\\\/www.iberosa.com\\\/wp-content\\\/uploads\\\/2020\\\/03\\\/protector-de-colchon-tencel.jpg\",\"width\":900,\"height\":900},{\"@type\":\"BreadcrumbList\",\"@id\":\"https:\\\/\\\/www.iberosa.com\\\/fr\\\/productos_rumbo\\\/protege-matelas-en-jersey-simple-tencel\\\/#breadcrumb\",\"itemListElement\":[{\"@type\":\"ListItem\",\"position\":1,\"name\":\"Accueil\",\"item\":\"https:\\\/\\\/www.iberosa.com\\\/fr\\\/\"},{\"@type\":\"ListItem\",\"position\":2,\"name\":\"Productos\",\"item\":\"https:\\\/\\\/www.iberosa.com\\\/fr\\\/productos_rumbo\\\/\"},{\"@type\":\"ListItem\",\"position\":3,\"name\":\"Textile sanitaire\",\"item\":\"https:\\\/\\\/www.iberosa.com\\\/fr\\\/categoria_producto\\\/textile-sanitaire\\\/\"},{\"@type\":\"ListItem\",\"position\":4,\"name\":\"Protection de literie\",\"item\":\"https:\\\/\\\/www.iberosa.com\\\/fr\\\/categoria_producto\\\/textile-sanitaire\\\/protection-de-literie\\\/\"},{\"@type\":\"ListItem\",\"position\":5,\"name\":\"Prot\u00e8ge matelas\",\"item\":\"https:\\\/\\\/www.iberosa.com\\\/fr\\\/categoria_producto\\\/textile-sanitaire\\\/protection-de-literie\\\/protege-matelas\\\/\"},{\"@type\":\"ListItem\",\"position\":6,\"name\":\"Prot\u00e8ge matelas en jersey simple Tencel\\\/PU\"}]},{\"@type\":\"WebSite\",\"@id\":\"https:\\\/\\\/www.iberosa.com\\\/fr\\\/#website\",\"url\":\"https:\\\/\\\/www.iberosa.com\\\/fr\\\/\",\"name\":\"Iberosa - Iberoamericana de hilados y tejidos, SL\",\"description\":\"Especializados en textil para hosteler\u00eda y sanidad\",\"publisher\":{\"@id\":\"https:\\\/\\\/www.iberosa.com\\\/fr\\\/#organization\"},\"potentialAction\":[{\"@type\":\"SearchAction\",\"target\":{\"@type\":\"EntryPoint\",\"urlTemplate\":\"https:\\\/\\\/www.iberosa.com\\\/fr\\\/?s={search_term_string}\"},\"query-input\":{\"@type\":\"PropertyValueSpecification\",\"valueRequired\":true,\"valueName\":\"search_term_string\"}}],\"inLanguage\":\"fr-FR\"},{\"@type\":\"Organization\",\"@id\":\"https:\\\/\\\/www.iberosa.com\\\/fr\\\/#organization\",\"name\":\"Iberosa - Iberoamericana de hilados y tejidos, SL\",\"url\":\"https:\\\/\\\/www.iberosa.com\\\/fr\\\/\",\"logo\":{\"@type\":\"ImageObject\",\"inLanguage\":\"fr-FR\",\"@id\":\"https:\\\/\\\/www.iberosa.com\\\/fr\\\/#\\\/schema\\\/logo\\\/image\\\/\",\"url\":\"https:\\\/\\\/www.iberosa.com\\\/wp-content\\\/uploads\\\/2019\\\/11\\\/logo-iberosa-web-2021.png\",\"contentUrl\":\"https:\\\/\\\/www.iberosa.com\\\/wp-content\\\/uploads\\\/2019\\\/11\\\/logo-iberosa-web-2021.png\",\"width\":276,\"height\":45,\"caption\":\"Iberosa - Iberoamericana de hilados y tejidos, SL\"},\"image\":{\"@id\":\"https:\\\/\\\/www.iberosa.com\\\/fr\\\/#\\\/schema\\\/logo\\\/image\\\/\"},\"sameAs\":[\"https:\\\/\\\/www.facebook.com\\\/iberosatextiles\",\"https:\\\/\\\/x.com\\\/IberosaTextiles\",\"https:\\\/\\\/www.linkedin.com\\\/company\\\/iberosa-textiles\"]}]}<\/script>\n<!-- \/ Yoast SEO plugin. -->","yoast_head_json":{"title":"Prot\u00e8ge matelas en jersey simple Tencel\/PU - Iberosa - Iberoamericana de hilados y tejidos, SA","robots":{"index":"index","follow":"follow","max-snippet":"max-snippet:-1","max-image-preview":"max-image-preview:large","max-video-preview":"max-video-preview:-1"},"canonical":"https:\/\/www.iberosa.com\/fr\/productos_rumbo\/protege-matelas-en-jersey-simple-tencel\/","og_locale":"fr_FR","og_type":"article","og_title":"Prot\u00e8ge matelas en jersey simple Tencel\/PU - Iberosa - Iberoamericana de hilados y tejidos, SA","og_description":"Prot\u00e8ge matelas fabriqu\u00e9 en tissu tencel, doux au toucher et agr\u00e9able.","og_url":"https:\/\/www.iberosa.com\/fr\/productos_rumbo\/protege-matelas-en-jersey-simple-tencel\/","og_site_name":"Iberosa - Iberoamericana de hilados y tejidos, SA","article_publisher":"https:\/\/www.facebook.com\/iberosatextiles","article_modified_time":"2025-11-05T08:51:40+00:00","og_image":[{"width":900,"height":900,"url":"https:\/\/www.iberosa.com\/wp-content\/uploads\/2020\/03\/protector-de-colchon-tencel.jpg","type":"image\/jpeg"}],"twitter_card":"summary_large_image","twitter_site":"@IberosaTextiles","schema":{"@context":"https:\/\/schema.org","@graph":[{"@type":"WebPage","@id":"https:\/\/www.iberosa.com\/fr\/productos_rumbo\/protege-matelas-en-jersey-simple-tencel\/","url":"https:\/\/www.iberosa.com\/fr\/productos_rumbo\/protege-matelas-en-jersey-simple-tencel\/","name":"Prot\u00e8ge matelas en jersey simple Tencel\/PU - Iberosa - Iberoamericana de hilados y tejidos, SA","isPartOf":{"@id":"https:\/\/www.iberosa.com\/fr\/#website"},"primaryImageOfPage":{"@id":"https:\/\/www.iberosa.com\/fr\/productos_rumbo\/protege-matelas-en-jersey-simple-tencel\/#primaryimage"},"image":{"@id":"https:\/\/www.iberosa.com\/fr\/productos_rumbo\/protege-matelas-en-jersey-simple-tencel\/#primaryimage"},"thumbnailUrl":"https:\/\/www.iberosa.com\/wp-content\/uploads\/2020\/03\/protector-de-colchon-tencel.jpg","datePublished":"2020-10-01T10:24:29+00:00","dateModified":"2025-11-05T08:51:40+00:00","breadcrumb":{"@id":"https:\/\/www.iberosa.com\/fr\/productos_rumbo\/protege-matelas-en-jersey-simple-tencel\/#breadcrumb"},"inLanguage":"fr-FR","potentialAction":[{"@type":"ReadAction","target":["https:\/\/www.iberosa.com\/fr\/productos_rumbo\/protege-matelas-en-jersey-simple-tencel\/"]}]},{"@type":"ImageObject","inLanguage":"fr-FR","@id":"https:\/\/www.iberosa.com\/fr\/productos_rumbo\/protege-matelas-en-jersey-simple-tencel\/#primaryimage","url":"https:\/\/www.iberosa.com\/wp-content\/uploads\/2020\/03\/protector-de-colchon-tencel.jpg","contentUrl":"https:\/\/www.iberosa.com\/wp-content\/uploads\/2020\/03\/protector-de-colchon-tencel.jpg","width":900,"height":900},{"@type":"BreadcrumbList","@id":"https:\/\/www.iberosa.com\/fr\/productos_rumbo\/protege-matelas-en-jersey-simple-tencel\/#breadcrumb","itemListElement":[{"@type":"ListItem","position":1,"name":"Accueil","item":"https:\/\/www.iberosa.com\/fr\/"},{"@type":"ListItem","position":2,"name":"Productos","item":"https:\/\/www.iberosa.com\/fr\/productos_rumbo\/"},{"@type":"ListItem","position":3,"name":"Textile sanitaire","item":"https:\/\/www.iberosa.com\/fr\/categoria_producto\/textile-sanitaire\/"},{"@type":"ListItem","position":4,"name":"Protection de literie","item":"https:\/\/www.iberosa.com\/fr\/categoria_producto\/textile-sanitaire\/protection-de-literie\/"},{"@type":"ListItem","position":5,"name":"Prot\u00e8ge matelas","item":"https:\/\/www.iberosa.com\/fr\/categoria_producto\/textile-sanitaire\/protection-de-literie\/protege-matelas\/"},{"@type":"ListItem","position":6,"name":"Prot\u00e8ge matelas en jersey simple Tencel\/PU"}]},{"@type":"WebSite","@id":"https:\/\/www.iberosa.com\/fr\/#website","url":"https:\/\/www.iberosa.com\/fr\/","name":"Iberosa - Iberoamericana de hilados y tejidos, SL","description":"Especializados en textil para hosteler\u00eda y sanidad","publisher":{"@id":"https:\/\/www.iberosa.com\/fr\/#organization"},"potentialAction":[{"@type":"SearchAction","target":{"@type":"EntryPoint","urlTemplate":"https:\/\/www.iberosa.com\/fr\/?s={search_term_string}"},"query-input":{"@type":"PropertyValueSpecification","valueRequired":true,"valueName":"search_term_string"}}],"inLanguage":"fr-FR"},{"@type":"Organization","@id":"https:\/\/www.iberosa.com\/fr\/#organization","name":"Iberosa - Iberoamericana de hilados y tejidos, SL","url":"https:\/\/www.iberosa.com\/fr\/","logo":{"@type":"ImageObject","inLanguage":"fr-FR","@id":"https:\/\/www.iberosa.com\/fr\/#\/schema\/logo\/image\/","url":"https:\/\/www.iberosa.com\/wp-content\/uploads\/2019\/11\/logo-iberosa-web-2021.png","contentUrl":"https:\/\/www.iberosa.com\/wp-content\/uploads\/2019\/11\/logo-iberosa-web-2021.png","width":276,"height":45,"caption":"Iberosa - Iberoamericana de hilados y tejidos, SL"},"image":{"@id":"https:\/\/www.iberosa.com\/fr\/#\/schema\/logo\/image\/"},"sameAs":["https:\/\/www.facebook.com\/iberosatextiles","https:\/\/x.com\/IberosaTextiles","https:\/\/www.linkedin.com\/company\/iberosa-textiles"]}]}},"_links":{"self":[{"href":"https:\/\/www.iberosa.com\/fr\/wp-json\/wp\/v2\/productos_rumbo\/3363","targetHints":{"allow":["GET"]}}],"collection":[{"href":"https:\/\/www.iberosa.com\/fr\/wp-json\/wp\/v2\/productos_rumbo"}],"about":[{"href":"https:\/\/www.iberosa.com\/fr\/wp-json\/wp\/v2\/types\/productos_rumbo"}],"version-history":[{"count":2,"href":"https:\/\/www.iberosa.com\/fr\/wp-json\/wp\/v2\/productos_rumbo\/3363\/revisions"}],"predecessor-version":[{"id":8794,"href":"https:\/\/www.iberosa.com\/fr\/wp-json\/wp\/v2\/productos_rumbo\/3363\/revisions\/8794"}],"wp:featuredmedia":[{"embeddable":true,"href":"https:\/\/www.iberosa.com\/fr\/wp-json\/wp\/v2\/media\/3364"}],"wp:attachment":[{"href":"https:\/\/www.iberosa.com\/fr\/wp-json\/wp\/v2\/media?parent=3363"}],"wp:term":[{"taxonomy":"categoria_producto","embeddable":true,"href":"https:\/\/www.iberosa.com\/fr\/wp-json\/wp\/v2\/categoria_producto?post=3363"}],"curies":[{"name":"wp","href":"https:\/\/api.w.org\/{rel}","templated":true}]}}