{"id":3418,"date":"2020-10-01T13:09:23","date_gmt":"2020-10-01T11:09:23","guid":{"rendered":"https:\/\/www.iberosa.com\/productos_rumbo\/sous-taie-doreiller-tencel\/"},"modified":"2024-06-18T09:20:26","modified_gmt":"2024-06-18T07:20:26","slug":"protege-oreiller-tencel","status":"publish","type":"productos_rumbo","link":"https:\/\/www.iberosa.com\/fr\/productos_rumbo\/protege-oreiller-tencel\/","title":{"rendered":"Prot\u00e8ge oreiller Tencel"},"content":{"rendered":"<p>Cette sous taie d\u2019oreiller est imperm\u00e9able, respirable et thermor\u00e9gulatrice. Ses propri\u00e9t\u00e9s de thermor\u00e9gulation offrent un grand bien-\u00eatre au repos, ce qui en fait un produit deux en un, housse int\u00e9rieure et ext\u00e9rieure, allie l\u2019imperm\u00e9abilit\u00e9 et la souplesse en m\u00eame temps. Cette double fonctionnalit\u00e9 et les propri\u00e9t\u00e9s mentionn\u00e9s en font le meilleur produit imperm\u00e9able con\u00e7u pour le repos.<\/p>\n<h3>C\u2019est quoi le tencel?<\/h3>\n<p>Le tencel est une fibre naturel fabriqu\u00e9 \u00e0 partir de la pulpe du bois d\u2019arbres issus de l\u2019agriculture raisonn\u00e9e. \u00c0 cause de son toucher et son faible poids c\u2019est le mat\u00e9riel qui donne la tenue parfaite pour la fabrication de pi\u00e8ces de literie.<\/p>\n<p>Les textiles en fibre Tencel sont \u00e9cologiques, antistatiques, l\u00e9gers, plus absorbant que le coton, thermor\u00e9gulateur, plus souple que la soie, mieux que le lin.<\/p>\n","protected":false},"excerpt":{"rendered":"<p>Le prot\u00e8ge oreiller fabriqu\u00e9e en tissu Tencel, souple et agr\u00e9able au toucher.<\/p>\n","protected":false},"featured_media":3419,"parent":0,"menu_order":264,"template":"","meta":{"_acf_changed":false},"categoria_producto":[183],"class_list":["post-3418","productos_rumbo","type-productos_rumbo","status-publish","has-post-thumbnail","hentry","categoria_producto-proteges-oreiller"],"acf":[],"yoast_head":"<!-- This site is optimized with the Yoast SEO plugin v27.3 - https:\/\/yoast.com\/product\/yoast-seo-wordpress\/ -->\n<title>Prot\u00e8ge oreiller Tencel - Iberosa - Iberoamericana de hilados y tejidos, SA<\/title>\n<meta name=\"robots\" content=\"index, follow, max-snippet:-1, max-image-preview:large, max-video-preview:-1\" \/>\n<link rel=\"canonical\" href=\"https:\/\/www.iberosa.com\/fr\/productos_rumbo\/protege-oreiller-tencel\/\" \/>\n<meta property=\"og:locale\" content=\"fr_FR\" \/>\n<meta property=\"og:type\" content=\"article\" \/>\n<meta property=\"og:title\" content=\"Prot\u00e8ge oreiller Tencel - Iberosa - Iberoamericana de hilados y tejidos, SA\" \/>\n<meta property=\"og:description\" content=\"Le prot\u00e8ge oreiller fabriqu\u00e9e en tissu Tencel, souple et agr\u00e9able au toucher.\" \/>\n<meta property=\"og:url\" content=\"https:\/\/www.iberosa.com\/fr\/productos_rumbo\/protege-oreiller-tencel\/\" \/>\n<meta property=\"og:site_name\" content=\"Iberosa - Iberoamericana de hilados y tejidos, SA\" \/>\n<meta property=\"article:publisher\" content=\"https:\/\/www.facebook.com\/iberosatextiles\" \/>\n<meta property=\"article:modified_time\" content=\"2024-06-18T07:20:26+00:00\" \/>\n<meta property=\"og:image\" content=\"https:\/\/www.iberosa.com\/wp-content\/uploads\/2020\/03\/funda-protectora-de-almohada-tencel.jpg\" \/>\n\t<meta property=\"og:image:width\" content=\"900\" \/>\n\t<meta property=\"og:image:height\" content=\"900\" \/>\n\t<meta property=\"og:image:type\" content=\"image\/jpeg\" \/>\n<meta name=\"twitter:card\" content=\"summary_large_image\" \/>\n<meta name=\"twitter:site\" content=\"@IberosaTextiles\" \/>\n<script type=\"application\/ld+json\" class=\"yoast-schema-graph\">{\"@context\":\"https:\\\/\\\/schema.org\",\"@graph\":[{\"@type\":\"WebPage\",\"@id\":\"https:\\\/\\\/www.iberosa.com\\\/fr\\\/productos_rumbo\\\/protege-oreiller-tencel\\\/\",\"url\":\"https:\\\/\\\/www.iberosa.com\\\/fr\\\/productos_rumbo\\\/protege-oreiller-tencel\\\/\",\"name\":\"Prot\u00e8ge oreiller Tencel - Iberosa - Iberoamericana de hilados y tejidos, SA\",\"isPartOf\":{\"@id\":\"https:\\\/\\\/www.iberosa.com\\\/fr\\\/#website\"},\"primaryImageOfPage\":{\"@id\":\"https:\\\/\\\/www.iberosa.com\\\/fr\\\/productos_rumbo\\\/protege-oreiller-tencel\\\/#primaryimage\"},\"image\":{\"@id\":\"https:\\\/\\\/www.iberosa.com\\\/fr\\\/productos_rumbo\\\/protege-oreiller-tencel\\\/#primaryimage\"},\"thumbnailUrl\":\"https:\\\/\\\/www.iberosa.com\\\/wp-content\\\/uploads\\\/2020\\\/03\\\/funda-protectora-de-almohada-tencel.jpg\",\"datePublished\":\"2020-10-01T11:09:23+00:00\",\"dateModified\":\"2024-06-18T07:20:26+00:00\",\"breadcrumb\":{\"@id\":\"https:\\\/\\\/www.iberosa.com\\\/fr\\\/productos_rumbo\\\/protege-oreiller-tencel\\\/#breadcrumb\"},\"inLanguage\":\"fr-FR\",\"potentialAction\":[{\"@type\":\"ReadAction\",\"target\":[\"https:\\\/\\\/www.iberosa.com\\\/fr\\\/productos_rumbo\\\/protege-oreiller-tencel\\\/\"]}]},{\"@type\":\"ImageObject\",\"inLanguage\":\"fr-FR\",\"@id\":\"https:\\\/\\\/www.iberosa.com\\\/fr\\\/productos_rumbo\\\/protege-oreiller-tencel\\\/#primaryimage\",\"url\":\"https:\\\/\\\/www.iberosa.com\\\/wp-content\\\/uploads\\\/2020\\\/03\\\/funda-protectora-de-almohada-tencel.jpg\",\"contentUrl\":\"https:\\\/\\\/www.iberosa.com\\\/wp-content\\\/uploads\\\/2020\\\/03\\\/funda-protectora-de-almohada-tencel.jpg\",\"width\":900,\"height\":900},{\"@type\":\"BreadcrumbList\",\"@id\":\"https:\\\/\\\/www.iberosa.com\\\/fr\\\/productos_rumbo\\\/protege-oreiller-tencel\\\/#breadcrumb\",\"itemListElement\":[{\"@type\":\"ListItem\",\"position\":1,\"name\":\"Accueil\",\"item\":\"https:\\\/\\\/www.iberosa.com\\\/fr\\\/\"},{\"@type\":\"ListItem\",\"position\":2,\"name\":\"Productos\",\"item\":\"https:\\\/\\\/www.iberosa.com\\\/fr\\\/productos_rumbo\\\/\"},{\"@type\":\"ListItem\",\"position\":3,\"name\":\"Textile sanitaire\",\"item\":\"https:\\\/\\\/www.iberosa.com\\\/fr\\\/categoria_producto\\\/textile-sanitaire\\\/\"},{\"@type\":\"ListItem\",\"position\":4,\"name\":\"Protection de literie\",\"item\":\"https:\\\/\\\/www.iberosa.com\\\/fr\\\/categoria_producto\\\/textile-sanitaire\\\/protection-de-literie\\\/\"},{\"@type\":\"ListItem\",\"position\":5,\"name\":\"Prot\u00e8ges oreiller\",\"item\":\"https:\\\/\\\/www.iberosa.com\\\/fr\\\/categoria_producto\\\/textile-sanitaire\\\/protection-de-literie\\\/proteges-oreiller\\\/\"},{\"@type\":\"ListItem\",\"position\":6,\"name\":\"Prot\u00e8ge oreiller Tencel\"}]},{\"@type\":\"WebSite\",\"@id\":\"https:\\\/\\\/www.iberosa.com\\\/fr\\\/#website\",\"url\":\"https:\\\/\\\/www.iberosa.com\\\/fr\\\/\",\"name\":\"Iberosa - Iberoamericana de hilados y tejidos, SL\",\"description\":\"Especializados en textil para hosteler\u00eda y sanidad\",\"publisher\":{\"@id\":\"https:\\\/\\\/www.iberosa.com\\\/fr\\\/#organization\"},\"potentialAction\":[{\"@type\":\"SearchAction\",\"target\":{\"@type\":\"EntryPoint\",\"urlTemplate\":\"https:\\\/\\\/www.iberosa.com\\\/fr\\\/?s={search_term_string}\"},\"query-input\":{\"@type\":\"PropertyValueSpecification\",\"valueRequired\":true,\"valueName\":\"search_term_string\"}}],\"inLanguage\":\"fr-FR\"},{\"@type\":\"Organization\",\"@id\":\"https:\\\/\\\/www.iberosa.com\\\/fr\\\/#organization\",\"name\":\"Iberosa - Iberoamericana de hilados y tejidos, SL\",\"url\":\"https:\\\/\\\/www.iberosa.com\\\/fr\\\/\",\"logo\":{\"@type\":\"ImageObject\",\"inLanguage\":\"fr-FR\",\"@id\":\"https:\\\/\\\/www.iberosa.com\\\/fr\\\/#\\\/schema\\\/logo\\\/image\\\/\",\"url\":\"https:\\\/\\\/www.iberosa.com\\\/wp-content\\\/uploads\\\/2019\\\/11\\\/logo-iberosa-web-2021.png\",\"contentUrl\":\"https:\\\/\\\/www.iberosa.com\\\/wp-content\\\/uploads\\\/2019\\\/11\\\/logo-iberosa-web-2021.png\",\"width\":276,\"height\":45,\"caption\":\"Iberosa - Iberoamericana de hilados y tejidos, SL\"},\"image\":{\"@id\":\"https:\\\/\\\/www.iberosa.com\\\/fr\\\/#\\\/schema\\\/logo\\\/image\\\/\"},\"sameAs\":[\"https:\\\/\\\/www.facebook.com\\\/iberosatextiles\",\"https:\\\/\\\/x.com\\\/IberosaTextiles\",\"https:\\\/\\\/www.linkedin.com\\\/company\\\/iberosa-textiles\"]}]}<\/script>\n<!-- \/ Yoast SEO plugin. -->","yoast_head_json":{"title":"Prot\u00e8ge oreiller Tencel - Iberosa - Iberoamericana de hilados y tejidos, SA","robots":{"index":"index","follow":"follow","max-snippet":"max-snippet:-1","max-image-preview":"max-image-preview:large","max-video-preview":"max-video-preview:-1"},"canonical":"https:\/\/www.iberosa.com\/fr\/productos_rumbo\/protege-oreiller-tencel\/","og_locale":"fr_FR","og_type":"article","og_title":"Prot\u00e8ge oreiller Tencel - Iberosa - Iberoamericana de hilados y tejidos, SA","og_description":"Le prot\u00e8ge oreiller fabriqu\u00e9e en tissu Tencel, souple et agr\u00e9able au toucher.","og_url":"https:\/\/www.iberosa.com\/fr\/productos_rumbo\/protege-oreiller-tencel\/","og_site_name":"Iberosa - Iberoamericana de hilados y tejidos, SA","article_publisher":"https:\/\/www.facebook.com\/iberosatextiles","article_modified_time":"2024-06-18T07:20:26+00:00","og_image":[{"width":900,"height":900,"url":"https:\/\/www.iberosa.com\/wp-content\/uploads\/2020\/03\/funda-protectora-de-almohada-tencel.jpg","type":"image\/jpeg"}],"twitter_card":"summary_large_image","twitter_site":"@IberosaTextiles","schema":{"@context":"https:\/\/schema.org","@graph":[{"@type":"WebPage","@id":"https:\/\/www.iberosa.com\/fr\/productos_rumbo\/protege-oreiller-tencel\/","url":"https:\/\/www.iberosa.com\/fr\/productos_rumbo\/protege-oreiller-tencel\/","name":"Prot\u00e8ge oreiller Tencel - Iberosa - Iberoamericana de hilados y tejidos, SA","isPartOf":{"@id":"https:\/\/www.iberosa.com\/fr\/#website"},"primaryImageOfPage":{"@id":"https:\/\/www.iberosa.com\/fr\/productos_rumbo\/protege-oreiller-tencel\/#primaryimage"},"image":{"@id":"https:\/\/www.iberosa.com\/fr\/productos_rumbo\/protege-oreiller-tencel\/#primaryimage"},"thumbnailUrl":"https:\/\/www.iberosa.com\/wp-content\/uploads\/2020\/03\/funda-protectora-de-almohada-tencel.jpg","datePublished":"2020-10-01T11:09:23+00:00","dateModified":"2024-06-18T07:20:26+00:00","breadcrumb":{"@id":"https:\/\/www.iberosa.com\/fr\/productos_rumbo\/protege-oreiller-tencel\/#breadcrumb"},"inLanguage":"fr-FR","potentialAction":[{"@type":"ReadAction","target":["https:\/\/www.iberosa.com\/fr\/productos_rumbo\/protege-oreiller-tencel\/"]}]},{"@type":"ImageObject","inLanguage":"fr-FR","@id":"https:\/\/www.iberosa.com\/fr\/productos_rumbo\/protege-oreiller-tencel\/#primaryimage","url":"https:\/\/www.iberosa.com\/wp-content\/uploads\/2020\/03\/funda-protectora-de-almohada-tencel.jpg","contentUrl":"https:\/\/www.iberosa.com\/wp-content\/uploads\/2020\/03\/funda-protectora-de-almohada-tencel.jpg","width":900,"height":900},{"@type":"BreadcrumbList","@id":"https:\/\/www.iberosa.com\/fr\/productos_rumbo\/protege-oreiller-tencel\/#breadcrumb","itemListElement":[{"@type":"ListItem","position":1,"name":"Accueil","item":"https:\/\/www.iberosa.com\/fr\/"},{"@type":"ListItem","position":2,"name":"Productos","item":"https:\/\/www.iberosa.com\/fr\/productos_rumbo\/"},{"@type":"ListItem","position":3,"name":"Textile sanitaire","item":"https:\/\/www.iberosa.com\/fr\/categoria_producto\/textile-sanitaire\/"},{"@type":"ListItem","position":4,"name":"Protection de literie","item":"https:\/\/www.iberosa.com\/fr\/categoria_producto\/textile-sanitaire\/protection-de-literie\/"},{"@type":"ListItem","position":5,"name":"Prot\u00e8ges oreiller","item":"https:\/\/www.iberosa.com\/fr\/categoria_producto\/textile-sanitaire\/protection-de-literie\/proteges-oreiller\/"},{"@type":"ListItem","position":6,"name":"Prot\u00e8ge oreiller Tencel"}]},{"@type":"WebSite","@id":"https:\/\/www.iberosa.com\/fr\/#website","url":"https:\/\/www.iberosa.com\/fr\/","name":"Iberosa - Iberoamericana de hilados y tejidos, SL","description":"Especializados en textil para hosteler\u00eda y sanidad","publisher":{"@id":"https:\/\/www.iberosa.com\/fr\/#organization"},"potentialAction":[{"@type":"SearchAction","target":{"@type":"EntryPoint","urlTemplate":"https:\/\/www.iberosa.com\/fr\/?s={search_term_string}"},"query-input":{"@type":"PropertyValueSpecification","valueRequired":true,"valueName":"search_term_string"}}],"inLanguage":"fr-FR"},{"@type":"Organization","@id":"https:\/\/www.iberosa.com\/fr\/#organization","name":"Iberosa - Iberoamericana de hilados y tejidos, SL","url":"https:\/\/www.iberosa.com\/fr\/","logo":{"@type":"ImageObject","inLanguage":"fr-FR","@id":"https:\/\/www.iberosa.com\/fr\/#\/schema\/logo\/image\/","url":"https:\/\/www.iberosa.com\/wp-content\/uploads\/2019\/11\/logo-iberosa-web-2021.png","contentUrl":"https:\/\/www.iberosa.com\/wp-content\/uploads\/2019\/11\/logo-iberosa-web-2021.png","width":276,"height":45,"caption":"Iberosa - Iberoamericana de hilados y tejidos, SL"},"image":{"@id":"https:\/\/www.iberosa.com\/fr\/#\/schema\/logo\/image\/"},"sameAs":["https:\/\/www.facebook.com\/iberosatextiles","https:\/\/x.com\/IberosaTextiles","https:\/\/www.linkedin.com\/company\/iberosa-textiles"]}]}},"_links":{"self":[{"href":"https:\/\/www.iberosa.com\/fr\/wp-json\/wp\/v2\/productos_rumbo\/3418","targetHints":{"allow":["GET"]}}],"collection":[{"href":"https:\/\/www.iberosa.com\/fr\/wp-json\/wp\/v2\/productos_rumbo"}],"about":[{"href":"https:\/\/www.iberosa.com\/fr\/wp-json\/wp\/v2\/types\/productos_rumbo"}],"version-history":[{"count":3,"href":"https:\/\/www.iberosa.com\/fr\/wp-json\/wp\/v2\/productos_rumbo\/3418\/revisions"}],"predecessor-version":[{"id":4308,"href":"https:\/\/www.iberosa.com\/fr\/wp-json\/wp\/v2\/productos_rumbo\/3418\/revisions\/4308"}],"wp:featuredmedia":[{"embeddable":true,"href":"https:\/\/www.iberosa.com\/fr\/wp-json\/wp\/v2\/media\/3419"}],"wp:attachment":[{"href":"https:\/\/www.iberosa.com\/fr\/wp-json\/wp\/v2\/media?parent=3418"}],"wp:term":[{"taxonomy":"categoria_producto","embeddable":true,"href":"https:\/\/www.iberosa.com\/fr\/wp-json\/wp\/v2\/categoria_producto?post=3418"}],"curies":[{"name":"wp","href":"https:\/\/api.w.org\/{rel}","templated":true}]}}