{"id":3473,"date":"2020-10-01T16:37:14","date_gmt":"2020-10-01T14:37:14","guid":{"rendered":"https:\/\/www.iberosa.com\/productos_rumbo\/matelas-viscoelastique\/"},"modified":"2023-05-24T09:27:10","modified_gmt":"2023-05-24T07:27:10","slug":"matelas-viscoelastique","status":"publish","type":"productos_rumbo","link":"https:\/\/www.iberosa.com\/fr\/productos_rumbo\/matelas-viscoelastique\/","title":{"rendered":"Matelas visco\u00e9lastique"},"content":{"rendered":"<p>Constitu\u00e9 d&rsquo;une couche sup\u00e9rieure en visco\u00e9lastique et d&rsquo;une couche inf\u00e9rieure en mousse.\u00a0 Housse fabriqu\u00e9e en jersey polyester avec surface de polyur\u00e9thane ce qui vous donne une tenue imperm\u00e9able et respirable. Elle est retardant au feu et avec traitement antifongique et antibact\u00e9rien.<\/p>\n","protected":false},"excerpt":{"rendered":"<p>Matelas en visco\u00e9lastique de fermet\u00e9 moyenne.<\/p>\n","protected":false},"featured_media":2349,"parent":0,"menu_order":62,"template":"","meta":{"_acf_changed":false},"categoria_producto":[169],"class_list":["post-3473","productos_rumbo","type-productos_rumbo","status-publish","has-post-thumbnail","hentry","categoria_producto-matelas"],"acf":[],"yoast_head":"<!-- This site is optimized with the Yoast SEO plugin v27.3 - https:\/\/yoast.com\/product\/yoast-seo-wordpress\/ -->\n<title>Matelas visco\u00e9lastique - Iberosa - Iberoamericana de hilados y tejidos, SA<\/title>\n<meta name=\"robots\" content=\"index, follow, max-snippet:-1, max-image-preview:large, max-video-preview:-1\" \/>\n<link rel=\"canonical\" href=\"https:\/\/www.iberosa.com\/fr\/productos_rumbo\/matelas-viscoelastique\/\" \/>\n<meta property=\"og:locale\" content=\"fr_FR\" \/>\n<meta property=\"og:type\" content=\"article\" \/>\n<meta property=\"og:title\" content=\"Matelas visco\u00e9lastique - Iberosa - Iberoamericana de hilados y tejidos, SA\" \/>\n<meta property=\"og:description\" content=\"Matelas en visco\u00e9lastique de fermet\u00e9 moyenne.\" \/>\n<meta property=\"og:url\" content=\"https:\/\/www.iberosa.com\/fr\/productos_rumbo\/matelas-viscoelastique\/\" \/>\n<meta property=\"og:site_name\" content=\"Iberosa - Iberoamericana de hilados y tejidos, SA\" \/>\n<meta property=\"article:publisher\" content=\"https:\/\/www.facebook.com\/iberosatextiles\" \/>\n<meta property=\"article:modified_time\" content=\"2023-05-24T07:27:10+00:00\" \/>\n<meta property=\"og:image\" content=\"https:\/\/www.iberosa.com\/wp-content\/uploads\/2020\/08\/iberosa-textiles-rumbo-colchon-espuma-viscoelastica.jpg\" \/>\n\t<meta property=\"og:image:width\" content=\"2126\" \/>\n\t<meta property=\"og:image:height\" content=\"2126\" \/>\n\t<meta property=\"og:image:type\" content=\"image\/jpeg\" \/>\n<meta name=\"twitter:card\" content=\"summary_large_image\" \/>\n<meta name=\"twitter:site\" content=\"@IberosaTextiles\" \/>\n<script type=\"application\/ld+json\" class=\"yoast-schema-graph\">{\"@context\":\"https:\\\/\\\/schema.org\",\"@graph\":[{\"@type\":\"WebPage\",\"@id\":\"https:\\\/\\\/www.iberosa.com\\\/fr\\\/productos_rumbo\\\/matelas-viscoelastique\\\/\",\"url\":\"https:\\\/\\\/www.iberosa.com\\\/fr\\\/productos_rumbo\\\/matelas-viscoelastique\\\/\",\"name\":\"Matelas visco\u00e9lastique - Iberosa - Iberoamericana de hilados y tejidos, SA\",\"isPartOf\":{\"@id\":\"https:\\\/\\\/www.iberosa.com\\\/fr\\\/#website\"},\"primaryImageOfPage\":{\"@id\":\"https:\\\/\\\/www.iberosa.com\\\/fr\\\/productos_rumbo\\\/matelas-viscoelastique\\\/#primaryimage\"},\"image\":{\"@id\":\"https:\\\/\\\/www.iberosa.com\\\/fr\\\/productos_rumbo\\\/matelas-viscoelastique\\\/#primaryimage\"},\"thumbnailUrl\":\"https:\\\/\\\/www.iberosa.com\\\/wp-content\\\/uploads\\\/2020\\\/08\\\/iberosa-textiles-rumbo-colchon-espuma-viscoelastica.jpg\",\"datePublished\":\"2020-10-01T14:37:14+00:00\",\"dateModified\":\"2023-05-24T07:27:10+00:00\",\"breadcrumb\":{\"@id\":\"https:\\\/\\\/www.iberosa.com\\\/fr\\\/productos_rumbo\\\/matelas-viscoelastique\\\/#breadcrumb\"},\"inLanguage\":\"fr-FR\",\"potentialAction\":[{\"@type\":\"ReadAction\",\"target\":[\"https:\\\/\\\/www.iberosa.com\\\/fr\\\/productos_rumbo\\\/matelas-viscoelastique\\\/\"]}]},{\"@type\":\"ImageObject\",\"inLanguage\":\"fr-FR\",\"@id\":\"https:\\\/\\\/www.iberosa.com\\\/fr\\\/productos_rumbo\\\/matelas-viscoelastique\\\/#primaryimage\",\"url\":\"https:\\\/\\\/www.iberosa.com\\\/wp-content\\\/uploads\\\/2020\\\/08\\\/iberosa-textiles-rumbo-colchon-espuma-viscoelastica.jpg\",\"contentUrl\":\"https:\\\/\\\/www.iberosa.com\\\/wp-content\\\/uploads\\\/2020\\\/08\\\/iberosa-textiles-rumbo-colchon-espuma-viscoelastica.jpg\",\"width\":2126,\"height\":2126},{\"@type\":\"BreadcrumbList\",\"@id\":\"https:\\\/\\\/www.iberosa.com\\\/fr\\\/productos_rumbo\\\/matelas-viscoelastique\\\/#breadcrumb\",\"itemListElement\":[{\"@type\":\"ListItem\",\"position\":1,\"name\":\"Accueil\",\"item\":\"https:\\\/\\\/www.iberosa.com\\\/fr\\\/\"},{\"@type\":\"ListItem\",\"position\":2,\"name\":\"Productos\",\"item\":\"https:\\\/\\\/www.iberosa.com\\\/fr\\\/productos_rumbo\\\/\"},{\"@type\":\"ListItem\",\"position\":3,\"name\":\"Textile de lit\",\"item\":\"https:\\\/\\\/www.iberosa.com\\\/fr\\\/categoria_producto\\\/textile-de-lit\\\/\"},{\"@type\":\"ListItem\",\"position\":4,\"name\":\"Accessoires literie\",\"item\":\"https:\\\/\\\/www.iberosa.com\\\/fr\\\/categoria_producto\\\/textile-de-lit\\\/accessoires-literie\\\/\"},{\"@type\":\"ListItem\",\"position\":5,\"name\":\"Matelas\",\"item\":\"https:\\\/\\\/www.iberosa.com\\\/fr\\\/categoria_producto\\\/textile-de-lit\\\/accessoires-literie\\\/matelas\\\/\"},{\"@type\":\"ListItem\",\"position\":6,\"name\":\"Matelas visco\u00e9lastique\"}]},{\"@type\":\"WebSite\",\"@id\":\"https:\\\/\\\/www.iberosa.com\\\/fr\\\/#website\",\"url\":\"https:\\\/\\\/www.iberosa.com\\\/fr\\\/\",\"name\":\"Iberosa - Iberoamericana de hilados y tejidos, SL\",\"description\":\"Especializados en textil para hosteler\u00eda y sanidad\",\"publisher\":{\"@id\":\"https:\\\/\\\/www.iberosa.com\\\/fr\\\/#organization\"},\"potentialAction\":[{\"@type\":\"SearchAction\",\"target\":{\"@type\":\"EntryPoint\",\"urlTemplate\":\"https:\\\/\\\/www.iberosa.com\\\/fr\\\/?s={search_term_string}\"},\"query-input\":{\"@type\":\"PropertyValueSpecification\",\"valueRequired\":true,\"valueName\":\"search_term_string\"}}],\"inLanguage\":\"fr-FR\"},{\"@type\":\"Organization\",\"@id\":\"https:\\\/\\\/www.iberosa.com\\\/fr\\\/#organization\",\"name\":\"Iberosa - Iberoamericana de hilados y tejidos, SL\",\"url\":\"https:\\\/\\\/www.iberosa.com\\\/fr\\\/\",\"logo\":{\"@type\":\"ImageObject\",\"inLanguage\":\"fr-FR\",\"@id\":\"https:\\\/\\\/www.iberosa.com\\\/fr\\\/#\\\/schema\\\/logo\\\/image\\\/\",\"url\":\"https:\\\/\\\/www.iberosa.com\\\/wp-content\\\/uploads\\\/2019\\\/11\\\/logo-iberosa-web-2021.png\",\"contentUrl\":\"https:\\\/\\\/www.iberosa.com\\\/wp-content\\\/uploads\\\/2019\\\/11\\\/logo-iberosa-web-2021.png\",\"width\":276,\"height\":45,\"caption\":\"Iberosa - Iberoamericana de hilados y tejidos, SL\"},\"image\":{\"@id\":\"https:\\\/\\\/www.iberosa.com\\\/fr\\\/#\\\/schema\\\/logo\\\/image\\\/\"},\"sameAs\":[\"https:\\\/\\\/www.facebook.com\\\/iberosatextiles\",\"https:\\\/\\\/x.com\\\/IberosaTextiles\",\"https:\\\/\\\/www.linkedin.com\\\/company\\\/iberosa-textiles\"]}]}<\/script>\n<!-- \/ Yoast SEO plugin. -->","yoast_head_json":{"title":"Matelas visco\u00e9lastique - Iberosa - Iberoamericana de hilados y tejidos, SA","robots":{"index":"index","follow":"follow","max-snippet":"max-snippet:-1","max-image-preview":"max-image-preview:large","max-video-preview":"max-video-preview:-1"},"canonical":"https:\/\/www.iberosa.com\/fr\/productos_rumbo\/matelas-viscoelastique\/","og_locale":"fr_FR","og_type":"article","og_title":"Matelas visco\u00e9lastique - Iberosa - Iberoamericana de hilados y tejidos, SA","og_description":"Matelas en visco\u00e9lastique de fermet\u00e9 moyenne.","og_url":"https:\/\/www.iberosa.com\/fr\/productos_rumbo\/matelas-viscoelastique\/","og_site_name":"Iberosa - Iberoamericana de hilados y tejidos, SA","article_publisher":"https:\/\/www.facebook.com\/iberosatextiles","article_modified_time":"2023-05-24T07:27:10+00:00","og_image":[{"width":2126,"height":2126,"url":"https:\/\/www.iberosa.com\/wp-content\/uploads\/2020\/08\/iberosa-textiles-rumbo-colchon-espuma-viscoelastica.jpg","type":"image\/jpeg"}],"twitter_card":"summary_large_image","twitter_site":"@IberosaTextiles","schema":{"@context":"https:\/\/schema.org","@graph":[{"@type":"WebPage","@id":"https:\/\/www.iberosa.com\/fr\/productos_rumbo\/matelas-viscoelastique\/","url":"https:\/\/www.iberosa.com\/fr\/productos_rumbo\/matelas-viscoelastique\/","name":"Matelas visco\u00e9lastique - Iberosa - Iberoamericana de hilados y tejidos, SA","isPartOf":{"@id":"https:\/\/www.iberosa.com\/fr\/#website"},"primaryImageOfPage":{"@id":"https:\/\/www.iberosa.com\/fr\/productos_rumbo\/matelas-viscoelastique\/#primaryimage"},"image":{"@id":"https:\/\/www.iberosa.com\/fr\/productos_rumbo\/matelas-viscoelastique\/#primaryimage"},"thumbnailUrl":"https:\/\/www.iberosa.com\/wp-content\/uploads\/2020\/08\/iberosa-textiles-rumbo-colchon-espuma-viscoelastica.jpg","datePublished":"2020-10-01T14:37:14+00:00","dateModified":"2023-05-24T07:27:10+00:00","breadcrumb":{"@id":"https:\/\/www.iberosa.com\/fr\/productos_rumbo\/matelas-viscoelastique\/#breadcrumb"},"inLanguage":"fr-FR","potentialAction":[{"@type":"ReadAction","target":["https:\/\/www.iberosa.com\/fr\/productos_rumbo\/matelas-viscoelastique\/"]}]},{"@type":"ImageObject","inLanguage":"fr-FR","@id":"https:\/\/www.iberosa.com\/fr\/productos_rumbo\/matelas-viscoelastique\/#primaryimage","url":"https:\/\/www.iberosa.com\/wp-content\/uploads\/2020\/08\/iberosa-textiles-rumbo-colchon-espuma-viscoelastica.jpg","contentUrl":"https:\/\/www.iberosa.com\/wp-content\/uploads\/2020\/08\/iberosa-textiles-rumbo-colchon-espuma-viscoelastica.jpg","width":2126,"height":2126},{"@type":"BreadcrumbList","@id":"https:\/\/www.iberosa.com\/fr\/productos_rumbo\/matelas-viscoelastique\/#breadcrumb","itemListElement":[{"@type":"ListItem","position":1,"name":"Accueil","item":"https:\/\/www.iberosa.com\/fr\/"},{"@type":"ListItem","position":2,"name":"Productos","item":"https:\/\/www.iberosa.com\/fr\/productos_rumbo\/"},{"@type":"ListItem","position":3,"name":"Textile de lit","item":"https:\/\/www.iberosa.com\/fr\/categoria_producto\/textile-de-lit\/"},{"@type":"ListItem","position":4,"name":"Accessoires literie","item":"https:\/\/www.iberosa.com\/fr\/categoria_producto\/textile-de-lit\/accessoires-literie\/"},{"@type":"ListItem","position":5,"name":"Matelas","item":"https:\/\/www.iberosa.com\/fr\/categoria_producto\/textile-de-lit\/accessoires-literie\/matelas\/"},{"@type":"ListItem","position":6,"name":"Matelas visco\u00e9lastique"}]},{"@type":"WebSite","@id":"https:\/\/www.iberosa.com\/fr\/#website","url":"https:\/\/www.iberosa.com\/fr\/","name":"Iberosa - Iberoamericana de hilados y tejidos, SL","description":"Especializados en textil para hosteler\u00eda y sanidad","publisher":{"@id":"https:\/\/www.iberosa.com\/fr\/#organization"},"potentialAction":[{"@type":"SearchAction","target":{"@type":"EntryPoint","urlTemplate":"https:\/\/www.iberosa.com\/fr\/?s={search_term_string}"},"query-input":{"@type":"PropertyValueSpecification","valueRequired":true,"valueName":"search_term_string"}}],"inLanguage":"fr-FR"},{"@type":"Organization","@id":"https:\/\/www.iberosa.com\/fr\/#organization","name":"Iberosa - Iberoamericana de hilados y tejidos, SL","url":"https:\/\/www.iberosa.com\/fr\/","logo":{"@type":"ImageObject","inLanguage":"fr-FR","@id":"https:\/\/www.iberosa.com\/fr\/#\/schema\/logo\/image\/","url":"https:\/\/www.iberosa.com\/wp-content\/uploads\/2019\/11\/logo-iberosa-web-2021.png","contentUrl":"https:\/\/www.iberosa.com\/wp-content\/uploads\/2019\/11\/logo-iberosa-web-2021.png","width":276,"height":45,"caption":"Iberosa - Iberoamericana de hilados y tejidos, SL"},"image":{"@id":"https:\/\/www.iberosa.com\/fr\/#\/schema\/logo\/image\/"},"sameAs":["https:\/\/www.facebook.com\/iberosatextiles","https:\/\/x.com\/IberosaTextiles","https:\/\/www.linkedin.com\/company\/iberosa-textiles"]}]}},"_links":{"self":[{"href":"https:\/\/www.iberosa.com\/fr\/wp-json\/wp\/v2\/productos_rumbo\/3473","targetHints":{"allow":["GET"]}}],"collection":[{"href":"https:\/\/www.iberosa.com\/fr\/wp-json\/wp\/v2\/productos_rumbo"}],"about":[{"href":"https:\/\/www.iberosa.com\/fr\/wp-json\/wp\/v2\/types\/productos_rumbo"}],"version-history":[{"count":1,"href":"https:\/\/www.iberosa.com\/fr\/wp-json\/wp\/v2\/productos_rumbo\/3473\/revisions"}],"predecessor-version":[{"id":6866,"href":"https:\/\/www.iberosa.com\/fr\/wp-json\/wp\/v2\/productos_rumbo\/3473\/revisions\/6866"}],"wp:featuredmedia":[{"embeddable":true,"href":"https:\/\/www.iberosa.com\/fr\/wp-json\/wp\/v2\/media\/2349"}],"wp:attachment":[{"href":"https:\/\/www.iberosa.com\/fr\/wp-json\/wp\/v2\/media?parent=3473"}],"wp:term":[{"taxonomy":"categoria_producto","embeddable":true,"href":"https:\/\/www.iberosa.com\/fr\/wp-json\/wp\/v2\/categoria_producto?post=3473"}],"curies":[{"name":"wp","href":"https:\/\/api.w.org\/{rel}","templated":true}]}}