{"id":3503,"date":"2020-10-02T10:15:45","date_gmt":"2020-10-02T08:15:45","guid":{"rendered":"https:\/\/www.iberosa.com\/productos_rumbo\/oreiller-en-fibres-creuses-siliconees\/"},"modified":"2025-08-22T09:26:52","modified_gmt":"2025-08-22T07:26:52","slug":"oreiller-en-fibres-creuses-siliconees","status":"publish","type":"productos_rumbo","link":"https:\/\/www.iberosa.com\/fr\/productos_rumbo\/oreiller-en-fibres-creuses-siliconees\/","title":{"rendered":"Oreiller en fibres creuses silicon\u00e9es"},"content":{"rendered":"<p>Les fibres creuses permettent l\u2019air de circuler librement, facilitant ainsi l\u2019\u00e9vaporation de l\u2019humidit\u00e9. La caract\u00e9ristique qui fait de la fibre creuse la meilleure c\u2019est sa respirabilit\u00e9 propri\u00e9t\u00e9 qui la rend plus hygi\u00e9nique, en \u00e9vitant les mauvaises odeurs et en lui donnant des propri\u00e9t\u00e9s anti-allergiques. En outre cet oreiller re\u00e7oit \u00e9galement un traitement sp\u00e9cial \u00e0 base de silicone qui lui conf\u00e8re un toucher extra doux.<\/p>\n","protected":false},"excerpt":{"rendered":"<p>Oreiller en fibres creuses silicon\u00e9es de fermet\u00e9 douce c\u2019est parfaite pour dormir sur le dos.<\/p>\n","protected":false},"featured_media":6157,"parent":0,"menu_order":23,"template":"","meta":{"_acf_changed":false},"categoria_producto":[166],"class_list":["post-3503","productos_rumbo","type-productos_rumbo","status-publish","has-post-thumbnail","hentry","categoria_producto-oreillers"],"acf":[],"yoast_head":"<!-- This site is optimized with the Yoast SEO plugin v27.3 - https:\/\/yoast.com\/product\/yoast-seo-wordpress\/ -->\n<title>Oreiller en fibres creuses silicon\u00e9es - Iberosa - Iberoamericana de hilados y tejidos, SA<\/title>\n<meta name=\"robots\" content=\"index, follow, max-snippet:-1, max-image-preview:large, max-video-preview:-1\" \/>\n<link rel=\"canonical\" href=\"https:\/\/www.iberosa.com\/fr\/productos_rumbo\/oreiller-en-fibres-creuses-siliconees\/\" \/>\n<meta property=\"og:locale\" content=\"fr_FR\" \/>\n<meta property=\"og:type\" content=\"article\" \/>\n<meta property=\"og:title\" content=\"Oreiller en fibres creuses silicon\u00e9es - Iberosa - Iberoamericana de hilados y tejidos, SA\" \/>\n<meta property=\"og:description\" content=\"Oreiller en fibres creuses silicon\u00e9es de fermet\u00e9 douce c\u2019est parfaite pour dormir sur le dos.\" \/>\n<meta property=\"og:url\" content=\"https:\/\/www.iberosa.com\/fr\/productos_rumbo\/oreiller-en-fibres-creuses-siliconees\/\" \/>\n<meta property=\"og:site_name\" content=\"Iberosa - Iberoamericana de hilados y tejidos, SA\" \/>\n<meta property=\"article:publisher\" content=\"https:\/\/www.facebook.com\/iberosatextiles\" \/>\n<meta property=\"article:modified_time\" content=\"2025-08-22T07:26:52+00:00\" \/>\n<meta property=\"og:image\" content=\"https:\/\/www.iberosa.com\/wp-content\/uploads\/2020\/08\/iberosa-almohada-fibra-hueca-siliconada-y-conjugada-soft.jpg\" \/>\n\t<meta property=\"og:image:width\" content=\"1600\" \/>\n\t<meta property=\"og:image:height\" content=\"1600\" \/>\n\t<meta property=\"og:image:type\" content=\"image\/jpeg\" \/>\n<meta name=\"twitter:card\" content=\"summary_large_image\" \/>\n<meta name=\"twitter:site\" content=\"@IberosaTextiles\" \/>\n<script type=\"application\/ld+json\" class=\"yoast-schema-graph\">{\"@context\":\"https:\\\/\\\/schema.org\",\"@graph\":[{\"@type\":\"WebPage\",\"@id\":\"https:\\\/\\\/www.iberosa.com\\\/fr\\\/productos_rumbo\\\/oreiller-en-fibres-creuses-siliconees\\\/\",\"url\":\"https:\\\/\\\/www.iberosa.com\\\/fr\\\/productos_rumbo\\\/oreiller-en-fibres-creuses-siliconees\\\/\",\"name\":\"Oreiller en fibres creuses silicon\u00e9es - Iberosa - Iberoamericana de hilados y tejidos, SA\",\"isPartOf\":{\"@id\":\"https:\\\/\\\/www.iberosa.com\\\/fr\\\/#website\"},\"primaryImageOfPage\":{\"@id\":\"https:\\\/\\\/www.iberosa.com\\\/fr\\\/productos_rumbo\\\/oreiller-en-fibres-creuses-siliconees\\\/#primaryimage\"},\"image\":{\"@id\":\"https:\\\/\\\/www.iberosa.com\\\/fr\\\/productos_rumbo\\\/oreiller-en-fibres-creuses-siliconees\\\/#primaryimage\"},\"thumbnailUrl\":\"https:\\\/\\\/www.iberosa.com\\\/wp-content\\\/uploads\\\/2020\\\/08\\\/iberosa-almohada-fibra-hueca-siliconada-y-conjugada-soft.jpg\",\"datePublished\":\"2020-10-02T08:15:45+00:00\",\"dateModified\":\"2025-08-22T07:26:52+00:00\",\"breadcrumb\":{\"@id\":\"https:\\\/\\\/www.iberosa.com\\\/fr\\\/productos_rumbo\\\/oreiller-en-fibres-creuses-siliconees\\\/#breadcrumb\"},\"inLanguage\":\"fr-FR\",\"potentialAction\":[{\"@type\":\"ReadAction\",\"target\":[\"https:\\\/\\\/www.iberosa.com\\\/fr\\\/productos_rumbo\\\/oreiller-en-fibres-creuses-siliconees\\\/\"]}]},{\"@type\":\"ImageObject\",\"inLanguage\":\"fr-FR\",\"@id\":\"https:\\\/\\\/www.iberosa.com\\\/fr\\\/productos_rumbo\\\/oreiller-en-fibres-creuses-siliconees\\\/#primaryimage\",\"url\":\"https:\\\/\\\/www.iberosa.com\\\/wp-content\\\/uploads\\\/2020\\\/08\\\/iberosa-almohada-fibra-hueca-siliconada-y-conjugada-soft.jpg\",\"contentUrl\":\"https:\\\/\\\/www.iberosa.com\\\/wp-content\\\/uploads\\\/2020\\\/08\\\/iberosa-almohada-fibra-hueca-siliconada-y-conjugada-soft.jpg\",\"width\":1600,\"height\":1600},{\"@type\":\"BreadcrumbList\",\"@id\":\"https:\\\/\\\/www.iberosa.com\\\/fr\\\/productos_rumbo\\\/oreiller-en-fibres-creuses-siliconees\\\/#breadcrumb\",\"itemListElement\":[{\"@type\":\"ListItem\",\"position\":1,\"name\":\"Accueil\",\"item\":\"https:\\\/\\\/www.iberosa.com\\\/fr\\\/\"},{\"@type\":\"ListItem\",\"position\":2,\"name\":\"Productos\",\"item\":\"https:\\\/\\\/www.iberosa.com\\\/fr\\\/productos_rumbo\\\/\"},{\"@type\":\"ListItem\",\"position\":3,\"name\":\"Textile de lit\",\"item\":\"https:\\\/\\\/www.iberosa.com\\\/fr\\\/categoria_producto\\\/textile-de-lit\\\/\"},{\"@type\":\"ListItem\",\"position\":4,\"name\":\"Accessoires literie\",\"item\":\"https:\\\/\\\/www.iberosa.com\\\/fr\\\/categoria_producto\\\/textile-de-lit\\\/accessoires-literie\\\/\"},{\"@type\":\"ListItem\",\"position\":5,\"name\":\"Oreillers\",\"item\":\"https:\\\/\\\/www.iberosa.com\\\/fr\\\/categoria_producto\\\/textile-de-lit\\\/accessoires-literie\\\/oreillers\\\/\"},{\"@type\":\"ListItem\",\"position\":6,\"name\":\"Oreiller en fibres creuses silicon\u00e9es\"}]},{\"@type\":\"WebSite\",\"@id\":\"https:\\\/\\\/www.iberosa.com\\\/fr\\\/#website\",\"url\":\"https:\\\/\\\/www.iberosa.com\\\/fr\\\/\",\"name\":\"Iberosa - Iberoamericana de hilados y tejidos, SL\",\"description\":\"Especializados en textil para hosteler\u00eda y sanidad\",\"publisher\":{\"@id\":\"https:\\\/\\\/www.iberosa.com\\\/fr\\\/#organization\"},\"potentialAction\":[{\"@type\":\"SearchAction\",\"target\":{\"@type\":\"EntryPoint\",\"urlTemplate\":\"https:\\\/\\\/www.iberosa.com\\\/fr\\\/?s={search_term_string}\"},\"query-input\":{\"@type\":\"PropertyValueSpecification\",\"valueRequired\":true,\"valueName\":\"search_term_string\"}}],\"inLanguage\":\"fr-FR\"},{\"@type\":\"Organization\",\"@id\":\"https:\\\/\\\/www.iberosa.com\\\/fr\\\/#organization\",\"name\":\"Iberosa - Iberoamericana de hilados y tejidos, SL\",\"url\":\"https:\\\/\\\/www.iberosa.com\\\/fr\\\/\",\"logo\":{\"@type\":\"ImageObject\",\"inLanguage\":\"fr-FR\",\"@id\":\"https:\\\/\\\/www.iberosa.com\\\/fr\\\/#\\\/schema\\\/logo\\\/image\\\/\",\"url\":\"https:\\\/\\\/www.iberosa.com\\\/wp-content\\\/uploads\\\/2019\\\/11\\\/logo-iberosa-web-2021.png\",\"contentUrl\":\"https:\\\/\\\/www.iberosa.com\\\/wp-content\\\/uploads\\\/2019\\\/11\\\/logo-iberosa-web-2021.png\",\"width\":276,\"height\":45,\"caption\":\"Iberosa - Iberoamericana de hilados y tejidos, SL\"},\"image\":{\"@id\":\"https:\\\/\\\/www.iberosa.com\\\/fr\\\/#\\\/schema\\\/logo\\\/image\\\/\"},\"sameAs\":[\"https:\\\/\\\/www.facebook.com\\\/iberosatextiles\",\"https:\\\/\\\/x.com\\\/IberosaTextiles\",\"https:\\\/\\\/www.linkedin.com\\\/company\\\/iberosa-textiles\"]}]}<\/script>\n<!-- \/ Yoast SEO plugin. -->","yoast_head_json":{"title":"Oreiller en fibres creuses silicon\u00e9es - Iberosa - Iberoamericana de hilados y tejidos, SA","robots":{"index":"index","follow":"follow","max-snippet":"max-snippet:-1","max-image-preview":"max-image-preview:large","max-video-preview":"max-video-preview:-1"},"canonical":"https:\/\/www.iberosa.com\/fr\/productos_rumbo\/oreiller-en-fibres-creuses-siliconees\/","og_locale":"fr_FR","og_type":"article","og_title":"Oreiller en fibres creuses silicon\u00e9es - Iberosa - Iberoamericana de hilados y tejidos, SA","og_description":"Oreiller en fibres creuses silicon\u00e9es de fermet\u00e9 douce c\u2019est parfaite pour dormir sur le dos.","og_url":"https:\/\/www.iberosa.com\/fr\/productos_rumbo\/oreiller-en-fibres-creuses-siliconees\/","og_site_name":"Iberosa - Iberoamericana de hilados y tejidos, SA","article_publisher":"https:\/\/www.facebook.com\/iberosatextiles","article_modified_time":"2025-08-22T07:26:52+00:00","og_image":[{"width":1600,"height":1600,"url":"https:\/\/www.iberosa.com\/wp-content\/uploads\/2020\/08\/iberosa-almohada-fibra-hueca-siliconada-y-conjugada-soft.jpg","type":"image\/jpeg"}],"twitter_card":"summary_large_image","twitter_site":"@IberosaTextiles","schema":{"@context":"https:\/\/schema.org","@graph":[{"@type":"WebPage","@id":"https:\/\/www.iberosa.com\/fr\/productos_rumbo\/oreiller-en-fibres-creuses-siliconees\/","url":"https:\/\/www.iberosa.com\/fr\/productos_rumbo\/oreiller-en-fibres-creuses-siliconees\/","name":"Oreiller en fibres creuses silicon\u00e9es - Iberosa - Iberoamericana de hilados y tejidos, SA","isPartOf":{"@id":"https:\/\/www.iberosa.com\/fr\/#website"},"primaryImageOfPage":{"@id":"https:\/\/www.iberosa.com\/fr\/productos_rumbo\/oreiller-en-fibres-creuses-siliconees\/#primaryimage"},"image":{"@id":"https:\/\/www.iberosa.com\/fr\/productos_rumbo\/oreiller-en-fibres-creuses-siliconees\/#primaryimage"},"thumbnailUrl":"https:\/\/www.iberosa.com\/wp-content\/uploads\/2020\/08\/iberosa-almohada-fibra-hueca-siliconada-y-conjugada-soft.jpg","datePublished":"2020-10-02T08:15:45+00:00","dateModified":"2025-08-22T07:26:52+00:00","breadcrumb":{"@id":"https:\/\/www.iberosa.com\/fr\/productos_rumbo\/oreiller-en-fibres-creuses-siliconees\/#breadcrumb"},"inLanguage":"fr-FR","potentialAction":[{"@type":"ReadAction","target":["https:\/\/www.iberosa.com\/fr\/productos_rumbo\/oreiller-en-fibres-creuses-siliconees\/"]}]},{"@type":"ImageObject","inLanguage":"fr-FR","@id":"https:\/\/www.iberosa.com\/fr\/productos_rumbo\/oreiller-en-fibres-creuses-siliconees\/#primaryimage","url":"https:\/\/www.iberosa.com\/wp-content\/uploads\/2020\/08\/iberosa-almohada-fibra-hueca-siliconada-y-conjugada-soft.jpg","contentUrl":"https:\/\/www.iberosa.com\/wp-content\/uploads\/2020\/08\/iberosa-almohada-fibra-hueca-siliconada-y-conjugada-soft.jpg","width":1600,"height":1600},{"@type":"BreadcrumbList","@id":"https:\/\/www.iberosa.com\/fr\/productos_rumbo\/oreiller-en-fibres-creuses-siliconees\/#breadcrumb","itemListElement":[{"@type":"ListItem","position":1,"name":"Accueil","item":"https:\/\/www.iberosa.com\/fr\/"},{"@type":"ListItem","position":2,"name":"Productos","item":"https:\/\/www.iberosa.com\/fr\/productos_rumbo\/"},{"@type":"ListItem","position":3,"name":"Textile de lit","item":"https:\/\/www.iberosa.com\/fr\/categoria_producto\/textile-de-lit\/"},{"@type":"ListItem","position":4,"name":"Accessoires literie","item":"https:\/\/www.iberosa.com\/fr\/categoria_producto\/textile-de-lit\/accessoires-literie\/"},{"@type":"ListItem","position":5,"name":"Oreillers","item":"https:\/\/www.iberosa.com\/fr\/categoria_producto\/textile-de-lit\/accessoires-literie\/oreillers\/"},{"@type":"ListItem","position":6,"name":"Oreiller en fibres creuses silicon\u00e9es"}]},{"@type":"WebSite","@id":"https:\/\/www.iberosa.com\/fr\/#website","url":"https:\/\/www.iberosa.com\/fr\/","name":"Iberosa - Iberoamericana de hilados y tejidos, SL","description":"Especializados en textil para hosteler\u00eda y sanidad","publisher":{"@id":"https:\/\/www.iberosa.com\/fr\/#organization"},"potentialAction":[{"@type":"SearchAction","target":{"@type":"EntryPoint","urlTemplate":"https:\/\/www.iberosa.com\/fr\/?s={search_term_string}"},"query-input":{"@type":"PropertyValueSpecification","valueRequired":true,"valueName":"search_term_string"}}],"inLanguage":"fr-FR"},{"@type":"Organization","@id":"https:\/\/www.iberosa.com\/fr\/#organization","name":"Iberosa - Iberoamericana de hilados y tejidos, SL","url":"https:\/\/www.iberosa.com\/fr\/","logo":{"@type":"ImageObject","inLanguage":"fr-FR","@id":"https:\/\/www.iberosa.com\/fr\/#\/schema\/logo\/image\/","url":"https:\/\/www.iberosa.com\/wp-content\/uploads\/2019\/11\/logo-iberosa-web-2021.png","contentUrl":"https:\/\/www.iberosa.com\/wp-content\/uploads\/2019\/11\/logo-iberosa-web-2021.png","width":276,"height":45,"caption":"Iberosa - Iberoamericana de hilados y tejidos, SL"},"image":{"@id":"https:\/\/www.iberosa.com\/fr\/#\/schema\/logo\/image\/"},"sameAs":["https:\/\/www.facebook.com\/iberosatextiles","https:\/\/x.com\/IberosaTextiles","https:\/\/www.linkedin.com\/company\/iberosa-textiles"]}]}},"_links":{"self":[{"href":"https:\/\/www.iberosa.com\/fr\/wp-json\/wp\/v2\/productos_rumbo\/3503","targetHints":{"allow":["GET"]}}],"collection":[{"href":"https:\/\/www.iberosa.com\/fr\/wp-json\/wp\/v2\/productos_rumbo"}],"about":[{"href":"https:\/\/www.iberosa.com\/fr\/wp-json\/wp\/v2\/types\/productos_rumbo"}],"version-history":[{"count":7,"href":"https:\/\/www.iberosa.com\/fr\/wp-json\/wp\/v2\/productos_rumbo\/3503\/revisions"}],"predecessor-version":[{"id":5216,"href":"https:\/\/www.iberosa.com\/fr\/wp-json\/wp\/v2\/productos_rumbo\/3503\/revisions\/5216"}],"wp:featuredmedia":[{"embeddable":true,"href":"https:\/\/www.iberosa.com\/fr\/wp-json\/wp\/v2\/media\/6157"}],"wp:attachment":[{"href":"https:\/\/www.iberosa.com\/fr\/wp-json\/wp\/v2\/media?parent=3503"}],"wp:term":[{"taxonomy":"categoria_producto","embeddable":true,"href":"https:\/\/www.iberosa.com\/fr\/wp-json\/wp\/v2\/categoria_producto?post=3503"}],"curies":[{"name":"wp","href":"https:\/\/api.w.org\/{rel}","templated":true}]}}