{"id":3817,"date":"2020-10-27T07:49:30","date_gmt":"2020-10-27T06:49:30","guid":{"rendered":"https:\/\/www.iberosa.com\/productos_rumbo\/protege-matelas-en-bambou\/"},"modified":"2024-06-18T09:27:47","modified_gmt":"2024-06-18T07:27:47","slug":"protege-matelas-en-bambou","status":"publish","type":"productos_rumbo","link":"https:\/\/www.iberosa.com\/fr\/productos_rumbo\/protege-matelas-en-bambou\/","title":{"rendered":"Prot\u00e8ge matelas en Bambou"},"content":{"rendered":"<p>L&rsquo;une de ses principales caract\u00e9ristiques, il est bact\u00e9ricide et tr\u00e8s respirant, ce qui contribue \u00e0 \u00e9liminer les mauvaises odeurs provoqu\u00e9es par la transpiration de la peau, dont il est sp\u00e9cialement prescrit pour les personnes souffrant de transpiration excessive.<\/p>\n","protected":false},"excerpt":{"rendered":"<p>La fibre de bambou conf\u00e8re au tissu une grande capacit\u00e9 d&rsquo;absorption et un toucher tr\u00e8s moelleux et agr\u00e9able.<\/p>\n","protected":false},"featured_media":3819,"parent":0,"menu_order":202,"template":"","meta":{"_acf_changed":false},"categoria_producto":[180],"class_list":["post-3817","productos_rumbo","type-productos_rumbo","status-publish","has-post-thumbnail","hentry","categoria_producto-protege-matelas"],"acf":[],"yoast_head":"<!-- This site is optimized with the Yoast SEO plugin v27.3 - https:\/\/yoast.com\/product\/yoast-seo-wordpress\/ -->\n<title>Prot\u00e8ge matelas en Bambou - Iberosa - Iberoamericana de hilados y tejidos, SA<\/title>\n<meta name=\"robots\" content=\"index, follow, max-snippet:-1, max-image-preview:large, max-video-preview:-1\" \/>\n<link rel=\"canonical\" href=\"https:\/\/www.iberosa.com\/fr\/productos_rumbo\/protege-matelas-en-bambou\/\" \/>\n<meta property=\"og:locale\" content=\"fr_FR\" \/>\n<meta property=\"og:type\" content=\"article\" \/>\n<meta property=\"og:title\" content=\"Prot\u00e8ge matelas en Bambou - Iberosa - Iberoamericana de hilados y tejidos, SA\" \/>\n<meta property=\"og:description\" content=\"La fibre de bambou conf\u00e8re au tissu une grande capacit\u00e9 d&#039;absorption et un toucher tr\u00e8s moelleux et agr\u00e9able.\" \/>\n<meta property=\"og:url\" content=\"https:\/\/www.iberosa.com\/fr\/productos_rumbo\/protege-matelas-en-bambou\/\" \/>\n<meta property=\"og:site_name\" content=\"Iberosa - Iberoamericana de hilados y tejidos, SA\" \/>\n<meta property=\"article:publisher\" content=\"https:\/\/www.facebook.com\/iberosatextiles\" \/>\n<meta property=\"article:modified_time\" content=\"2024-06-18T07:27:47+00:00\" \/>\n<meta property=\"og:image\" content=\"https:\/\/www.iberosa.com\/wp-content\/uploads\/2020\/03\/protector-de-colchon-bambu.jpg\" \/>\n\t<meta property=\"og:image:width\" content=\"900\" \/>\n\t<meta property=\"og:image:height\" content=\"900\" \/>\n\t<meta property=\"og:image:type\" content=\"image\/jpeg\" \/>\n<meta name=\"twitter:card\" content=\"summary_large_image\" \/>\n<meta name=\"twitter:site\" content=\"@IberosaTextiles\" \/>\n<script type=\"application\/ld+json\" class=\"yoast-schema-graph\">{\"@context\":\"https:\\\/\\\/schema.org\",\"@graph\":[{\"@type\":\"WebPage\",\"@id\":\"https:\\\/\\\/www.iberosa.com\\\/fr\\\/productos_rumbo\\\/protege-matelas-en-bambou\\\/\",\"url\":\"https:\\\/\\\/www.iberosa.com\\\/fr\\\/productos_rumbo\\\/protege-matelas-en-bambou\\\/\",\"name\":\"Prot\u00e8ge matelas en Bambou - Iberosa - Iberoamericana de hilados y tejidos, SA\",\"isPartOf\":{\"@id\":\"https:\\\/\\\/www.iberosa.com\\\/fr\\\/#website\"},\"primaryImageOfPage\":{\"@id\":\"https:\\\/\\\/www.iberosa.com\\\/fr\\\/productos_rumbo\\\/protege-matelas-en-bambou\\\/#primaryimage\"},\"image\":{\"@id\":\"https:\\\/\\\/www.iberosa.com\\\/fr\\\/productos_rumbo\\\/protege-matelas-en-bambou\\\/#primaryimage\"},\"thumbnailUrl\":\"https:\\\/\\\/www.iberosa.com\\\/wp-content\\\/uploads\\\/2020\\\/03\\\/protector-de-colchon-bambu.jpg\",\"datePublished\":\"2020-10-27T06:49:30+00:00\",\"dateModified\":\"2024-06-18T07:27:47+00:00\",\"breadcrumb\":{\"@id\":\"https:\\\/\\\/www.iberosa.com\\\/fr\\\/productos_rumbo\\\/protege-matelas-en-bambou\\\/#breadcrumb\"},\"inLanguage\":\"fr-FR\",\"potentialAction\":[{\"@type\":\"ReadAction\",\"target\":[\"https:\\\/\\\/www.iberosa.com\\\/fr\\\/productos_rumbo\\\/protege-matelas-en-bambou\\\/\"]}]},{\"@type\":\"ImageObject\",\"inLanguage\":\"fr-FR\",\"@id\":\"https:\\\/\\\/www.iberosa.com\\\/fr\\\/productos_rumbo\\\/protege-matelas-en-bambou\\\/#primaryimage\",\"url\":\"https:\\\/\\\/www.iberosa.com\\\/wp-content\\\/uploads\\\/2020\\\/03\\\/protector-de-colchon-bambu.jpg\",\"contentUrl\":\"https:\\\/\\\/www.iberosa.com\\\/wp-content\\\/uploads\\\/2020\\\/03\\\/protector-de-colchon-bambu.jpg\",\"width\":900,\"height\":900},{\"@type\":\"BreadcrumbList\",\"@id\":\"https:\\\/\\\/www.iberosa.com\\\/fr\\\/productos_rumbo\\\/protege-matelas-en-bambou\\\/#breadcrumb\",\"itemListElement\":[{\"@type\":\"ListItem\",\"position\":1,\"name\":\"Accueil\",\"item\":\"https:\\\/\\\/www.iberosa.com\\\/fr\\\/\"},{\"@type\":\"ListItem\",\"position\":2,\"name\":\"Productos\",\"item\":\"https:\\\/\\\/www.iberosa.com\\\/fr\\\/productos_rumbo\\\/\"},{\"@type\":\"ListItem\",\"position\":3,\"name\":\"Textile sanitaire\",\"item\":\"https:\\\/\\\/www.iberosa.com\\\/fr\\\/categoria_producto\\\/textile-sanitaire\\\/\"},{\"@type\":\"ListItem\",\"position\":4,\"name\":\"Protection de literie\",\"item\":\"https:\\\/\\\/www.iberosa.com\\\/fr\\\/categoria_producto\\\/textile-sanitaire\\\/protection-de-literie\\\/\"},{\"@type\":\"ListItem\",\"position\":5,\"name\":\"Prot\u00e8ge matelas\",\"item\":\"https:\\\/\\\/www.iberosa.com\\\/fr\\\/categoria_producto\\\/textile-sanitaire\\\/protection-de-literie\\\/protege-matelas\\\/\"},{\"@type\":\"ListItem\",\"position\":6,\"name\":\"Prot\u00e8ge matelas en Bambou\"}]},{\"@type\":\"WebSite\",\"@id\":\"https:\\\/\\\/www.iberosa.com\\\/fr\\\/#website\",\"url\":\"https:\\\/\\\/www.iberosa.com\\\/fr\\\/\",\"name\":\"Iberosa - Iberoamericana de hilados y tejidos, SL\",\"description\":\"Especializados en textil para hosteler\u00eda y sanidad\",\"publisher\":{\"@id\":\"https:\\\/\\\/www.iberosa.com\\\/fr\\\/#organization\"},\"potentialAction\":[{\"@type\":\"SearchAction\",\"target\":{\"@type\":\"EntryPoint\",\"urlTemplate\":\"https:\\\/\\\/www.iberosa.com\\\/fr\\\/?s={search_term_string}\"},\"query-input\":{\"@type\":\"PropertyValueSpecification\",\"valueRequired\":true,\"valueName\":\"search_term_string\"}}],\"inLanguage\":\"fr-FR\"},{\"@type\":\"Organization\",\"@id\":\"https:\\\/\\\/www.iberosa.com\\\/fr\\\/#organization\",\"name\":\"Iberosa - Iberoamericana de hilados y tejidos, SL\",\"url\":\"https:\\\/\\\/www.iberosa.com\\\/fr\\\/\",\"logo\":{\"@type\":\"ImageObject\",\"inLanguage\":\"fr-FR\",\"@id\":\"https:\\\/\\\/www.iberosa.com\\\/fr\\\/#\\\/schema\\\/logo\\\/image\\\/\",\"url\":\"https:\\\/\\\/www.iberosa.com\\\/wp-content\\\/uploads\\\/2019\\\/11\\\/logo-iberosa-web-2021.png\",\"contentUrl\":\"https:\\\/\\\/www.iberosa.com\\\/wp-content\\\/uploads\\\/2019\\\/11\\\/logo-iberosa-web-2021.png\",\"width\":276,\"height\":45,\"caption\":\"Iberosa - Iberoamericana de hilados y tejidos, SL\"},\"image\":{\"@id\":\"https:\\\/\\\/www.iberosa.com\\\/fr\\\/#\\\/schema\\\/logo\\\/image\\\/\"},\"sameAs\":[\"https:\\\/\\\/www.facebook.com\\\/iberosatextiles\",\"https:\\\/\\\/x.com\\\/IberosaTextiles\",\"https:\\\/\\\/www.linkedin.com\\\/company\\\/iberosa-textiles\"]}]}<\/script>\n<!-- \/ Yoast SEO plugin. -->","yoast_head_json":{"title":"Prot\u00e8ge matelas en Bambou - Iberosa - Iberoamericana de hilados y tejidos, SA","robots":{"index":"index","follow":"follow","max-snippet":"max-snippet:-1","max-image-preview":"max-image-preview:large","max-video-preview":"max-video-preview:-1"},"canonical":"https:\/\/www.iberosa.com\/fr\/productos_rumbo\/protege-matelas-en-bambou\/","og_locale":"fr_FR","og_type":"article","og_title":"Prot\u00e8ge matelas en Bambou - Iberosa - Iberoamericana de hilados y tejidos, SA","og_description":"La fibre de bambou conf\u00e8re au tissu une grande capacit\u00e9 d'absorption et un toucher tr\u00e8s moelleux et agr\u00e9able.","og_url":"https:\/\/www.iberosa.com\/fr\/productos_rumbo\/protege-matelas-en-bambou\/","og_site_name":"Iberosa - Iberoamericana de hilados y tejidos, SA","article_publisher":"https:\/\/www.facebook.com\/iberosatextiles","article_modified_time":"2024-06-18T07:27:47+00:00","og_image":[{"width":900,"height":900,"url":"https:\/\/www.iberosa.com\/wp-content\/uploads\/2020\/03\/protector-de-colchon-bambu.jpg","type":"image\/jpeg"}],"twitter_card":"summary_large_image","twitter_site":"@IberosaTextiles","schema":{"@context":"https:\/\/schema.org","@graph":[{"@type":"WebPage","@id":"https:\/\/www.iberosa.com\/fr\/productos_rumbo\/protege-matelas-en-bambou\/","url":"https:\/\/www.iberosa.com\/fr\/productos_rumbo\/protege-matelas-en-bambou\/","name":"Prot\u00e8ge matelas en Bambou - Iberosa - Iberoamericana de hilados y tejidos, SA","isPartOf":{"@id":"https:\/\/www.iberosa.com\/fr\/#website"},"primaryImageOfPage":{"@id":"https:\/\/www.iberosa.com\/fr\/productos_rumbo\/protege-matelas-en-bambou\/#primaryimage"},"image":{"@id":"https:\/\/www.iberosa.com\/fr\/productos_rumbo\/protege-matelas-en-bambou\/#primaryimage"},"thumbnailUrl":"https:\/\/www.iberosa.com\/wp-content\/uploads\/2020\/03\/protector-de-colchon-bambu.jpg","datePublished":"2020-10-27T06:49:30+00:00","dateModified":"2024-06-18T07:27:47+00:00","breadcrumb":{"@id":"https:\/\/www.iberosa.com\/fr\/productos_rumbo\/protege-matelas-en-bambou\/#breadcrumb"},"inLanguage":"fr-FR","potentialAction":[{"@type":"ReadAction","target":["https:\/\/www.iberosa.com\/fr\/productos_rumbo\/protege-matelas-en-bambou\/"]}]},{"@type":"ImageObject","inLanguage":"fr-FR","@id":"https:\/\/www.iberosa.com\/fr\/productos_rumbo\/protege-matelas-en-bambou\/#primaryimage","url":"https:\/\/www.iberosa.com\/wp-content\/uploads\/2020\/03\/protector-de-colchon-bambu.jpg","contentUrl":"https:\/\/www.iberosa.com\/wp-content\/uploads\/2020\/03\/protector-de-colchon-bambu.jpg","width":900,"height":900},{"@type":"BreadcrumbList","@id":"https:\/\/www.iberosa.com\/fr\/productos_rumbo\/protege-matelas-en-bambou\/#breadcrumb","itemListElement":[{"@type":"ListItem","position":1,"name":"Accueil","item":"https:\/\/www.iberosa.com\/fr\/"},{"@type":"ListItem","position":2,"name":"Productos","item":"https:\/\/www.iberosa.com\/fr\/productos_rumbo\/"},{"@type":"ListItem","position":3,"name":"Textile sanitaire","item":"https:\/\/www.iberosa.com\/fr\/categoria_producto\/textile-sanitaire\/"},{"@type":"ListItem","position":4,"name":"Protection de literie","item":"https:\/\/www.iberosa.com\/fr\/categoria_producto\/textile-sanitaire\/protection-de-literie\/"},{"@type":"ListItem","position":5,"name":"Prot\u00e8ge matelas","item":"https:\/\/www.iberosa.com\/fr\/categoria_producto\/textile-sanitaire\/protection-de-literie\/protege-matelas\/"},{"@type":"ListItem","position":6,"name":"Prot\u00e8ge matelas en Bambou"}]},{"@type":"WebSite","@id":"https:\/\/www.iberosa.com\/fr\/#website","url":"https:\/\/www.iberosa.com\/fr\/","name":"Iberosa - Iberoamericana de hilados y tejidos, SL","description":"Especializados en textil para hosteler\u00eda y sanidad","publisher":{"@id":"https:\/\/www.iberosa.com\/fr\/#organization"},"potentialAction":[{"@type":"SearchAction","target":{"@type":"EntryPoint","urlTemplate":"https:\/\/www.iberosa.com\/fr\/?s={search_term_string}"},"query-input":{"@type":"PropertyValueSpecification","valueRequired":true,"valueName":"search_term_string"}}],"inLanguage":"fr-FR"},{"@type":"Organization","@id":"https:\/\/www.iberosa.com\/fr\/#organization","name":"Iberosa - Iberoamericana de hilados y tejidos, SL","url":"https:\/\/www.iberosa.com\/fr\/","logo":{"@type":"ImageObject","inLanguage":"fr-FR","@id":"https:\/\/www.iberosa.com\/fr\/#\/schema\/logo\/image\/","url":"https:\/\/www.iberosa.com\/wp-content\/uploads\/2019\/11\/logo-iberosa-web-2021.png","contentUrl":"https:\/\/www.iberosa.com\/wp-content\/uploads\/2019\/11\/logo-iberosa-web-2021.png","width":276,"height":45,"caption":"Iberosa - Iberoamericana de hilados y tejidos, SL"},"image":{"@id":"https:\/\/www.iberosa.com\/fr\/#\/schema\/logo\/image\/"},"sameAs":["https:\/\/www.facebook.com\/iberosatextiles","https:\/\/x.com\/IberosaTextiles","https:\/\/www.linkedin.com\/company\/iberosa-textiles"]}]}},"_links":{"self":[{"href":"https:\/\/www.iberosa.com\/fr\/wp-json\/wp\/v2\/productos_rumbo\/3817","targetHints":{"allow":["GET"]}}],"collection":[{"href":"https:\/\/www.iberosa.com\/fr\/wp-json\/wp\/v2\/productos_rumbo"}],"about":[{"href":"https:\/\/www.iberosa.com\/fr\/wp-json\/wp\/v2\/types\/productos_rumbo"}],"version-history":[{"count":2,"href":"https:\/\/www.iberosa.com\/fr\/wp-json\/wp\/v2\/productos_rumbo\/3817\/revisions"}],"predecessor-version":[{"id":5295,"href":"https:\/\/www.iberosa.com\/fr\/wp-json\/wp\/v2\/productos_rumbo\/3817\/revisions\/5295"}],"wp:featuredmedia":[{"embeddable":true,"href":"https:\/\/www.iberosa.com\/fr\/wp-json\/wp\/v2\/media\/3819"}],"wp:attachment":[{"href":"https:\/\/www.iberosa.com\/fr\/wp-json\/wp\/v2\/media?parent=3817"}],"wp:term":[{"taxonomy":"categoria_producto","embeddable":true,"href":"https:\/\/www.iberosa.com\/fr\/wp-json\/wp\/v2\/categoria_producto?post=3817"}],"curies":[{"name":"wp","href":"https:\/\/api.w.org\/{rel}","templated":true}]}}